{"id":8551,"date":"2019-05-31T14:16:14","date_gmt":"2019-05-31T14:16:14","guid":{"rendered":"https:\/\/climasol.info\/lloguer-de-ventiladors-de-recirculacio-daire\/"},"modified":"2026-04-27T09:59:34","modified_gmt":"2026-04-27T09:59:34","slug":"lloguer-de-ventiladors-de-recirculacio-daire","status":"publish","type":"page","link":"https:\/\/climasol.info\/ca\/hosteleria\/lloguer-de-ventiladors-de-recirculacio-daire\/","title":{"rendered":"Lloguer de ventiladors de recirculaci\u00f3 d\u2019aire"},"content":{"rendered":"<p>[et_pb_section fb_built=&#8221;1&#8243; _builder_version=&#8221;4.16&#8243; global_colors_info=&#8221;{}&#8221;][et_pb_row _builder_version=&#8221;4.16&#8243; background_size=&#8221;initial&#8221; background_position=&#8221;top_left&#8221; background_repeat=&#8221;repeat&#8221; global_colors_info=&#8221;{}&#8221;][et_pb_column type=&#8221;4_4&#8243; _builder_version=&#8221;4.16&#8243; custom_padding=&#8221;|||&#8221; global_colors_info=&#8221;{}&#8221; custom_padding__hover=&#8221;|||&#8221;][\/et_pb_column][\/et_pb_row][et_pb_row _builder_version=&#8221;4.16&#8243; global_colors_info=&#8221;{}&#8221; column_structure=&#8221;1_2,1_2&#8243;][et_pb_column type=&#8221;1_2&#8243; _builder_version=&#8221;4.16&#8243; custom_padding=&#8221;|||&#8221; global_colors_info=&#8221;{}&#8221; custom_padding__hover=&#8221;|||&#8221;][et_pb_image src=&#8221;http:\/\/climasol.info\/app\/uploads\/2019\/05\/ventiladorFS-detail.jpg&#8221; _builder_version=&#8221;4.16&#8243; global_colors_info=&#8221;{}&#8221;][\/et_pb_image][\/et_pb_column][et_pb_column type=&#8221;1_2&#8243; _builder_version=&#8221;4.16&#8243; custom_padding=&#8221;|||&#8221; global_colors_info=&#8221;{}&#8221; custom_padding__hover=&#8221;|||&#8221;][et_pb_text _builder_version=&#8221;4.16&#8243; global_colors_info=&#8221;{}&#8221;]<\/p>\n<h3>Lloguer de ventiladors de recirculaci\u00f3 d\u2019aire<\/h3>\n<p><strong>Ventiladors de recirculaci\u00f3 d&#8217;aire l\u00ednia FS<br \/>\nBaix consum, grans prestacions.<\/strong><\/p>\n<p>Els ventiladors de peu l\u00ednia FS estan dissenyats per produir una gran recirculaci\u00f3 d&#8217;aire amb un baix consum el\u00e8ctric, per millorar el confort en el temps de lleure o treball, tant a l&#8217;exterior com a l&#8217;interior de grans espais durant els dies m\u00e9s calorosos de l&#8217;any.<\/p>\n<p>Tenen tres velocitats d&#8217;aire i funcionen amb un moviment oscil\u00b7lant de 90\u00ba a dreta i esquerra, que es pot fer fix amb una senzilla operaci\u00f3, cosa que li permet ventilar intermitentment una gran superf\u00edcie de local.<br \/>\nOfereixen unes altes prestacions, dins una gran fiabilitat, seguretat i facilitat de funcionament.<\/p>\n<p>Les aspes van muntades al mateix eix del motor, conformant aix\u00ed una transmissi\u00f3 directa del moviment i giren dins una protecci\u00f3 met\u00e0l\u00b7lica que cobreix ambd\u00f3s costats del ventilador<br \/>\n\u00c9s regulable en altura.<\/p>\n<p><strong>Caracter\u00edstiques<\/strong><\/p>\n<ul>\n<li>Tres velocitats daire.<\/li>\n<li>Funcionament fix o oscil\u00b7lant.<\/li>\n<li>Cap orientable en sentit vertical.<\/li>\n<li>Pedestal ajustable en al\u00e7ada.<\/li>\n<li>Baix consum el\u00e8ctric.<\/li>\n<li>Altes prestacions.<\/li>\n<\/ul>\n<p><strong>Aplicacions<\/strong><\/p>\n<ul>\n<li>Ventilaci\u00f3 de grans locals a la ind\u00fastria, construcci\u00f3, agricultura, ramaderia.<\/li>\n<li>Eliminaci\u00f3 de fums i olors.<\/li>\n<li>Assecats d&#8217;obres i materials.<\/li>\n<li>Suport per a la distribuci\u00f3 de calefacci\u00f3, refrigeraci\u00f3 i deshumidificaci\u00f3.<\/li>\n<li>Efectes especials d&#8217;encaminament d&#8217;aire al cinema, teatre, fotografia, etc.<\/li>\n<li>Climatitzaci\u00f3 d\u00b4esdeveniments al\u00b4aire lliure.<\/li>\n<\/ul>\n<p><strong>Caracter\u00edstiques<\/strong><br \/>\n<a href=\"http:\/\/www.climasol.info\/media\/2015\/04\/Captura_de_2015-05-15_11_25_54.jpg\"><img loading=\"lazy\" decoding=\"async\" class=\"alignnone size-medium wp-image-326\" src=\"http:\/\/www.climasol.info\/media\/2015\/04\/Captura_de_2015-05-15_11_25_54-300x210.jpg\" alt=\"Captura_de_2015-05-15_11_25_54\" width=\"300\" height=\"210\"><\/a><br \/>\n[\/et_pb_text][\/et_pb_column][\/et_pb_row][\/et_pb_section][et_pb_section fb_built=&#8221;1&#8243; _builder_version=&#8221;4.16&#8243; global_colors_info=&#8221;{}&#8221;][et_pb_row _builder_version=&#8221;4.16&#8243; background_size=&#8221;initial&#8221; background_position=&#8221;top_left&#8221; background_repeat=&#8221;repeat&#8221; global_colors_info=&#8221;{}&#8221;][et_pb_column type=&#8221;4_4&#8243; _builder_version=&#8221;4.16&#8243; custom_padding=&#8221;|||&#8221; global_colors_info=&#8221;{}&#8221; custom_padding__hover=&#8221;|||&#8221;][et_pb_text admin_label=&#8221;urls&#8221; _builder_version=&#8221;4.16&#8243; global_colors_info=&#8221;{}&#8221;]<\/p>\n<p><strong>Sector Hostaleria<\/strong><\/p>\n<ul>\n<li><a href=\"https:\/\/climasol.info\/ca\/hosteleria\/lloguer-destufes-per-a-esdeveniments-i-particulars\/\">Lloguer d\u2019estufes per a esdeveniments i particulars<\/a><\/li>\n<li><a href=\"https:\/\/climasol.info\/ca\/hosteleria\/lloguer-destufes-per-a-la-temporada-dhivern\/\">Lloguer d\u2019estufes per a la temporada d\u2019hivern<br \/><\/a><\/li>\n<li><a href=\"https:\/\/climasol.info\/ca\/hosteleria\/lloguer-i-venda-de-ventiladors-de-mist-fog\/\">Lloguer i venda de ventiladors de Mist &amp; Fog<\/a><\/li>\n<li><a href=\"https:\/\/climasol.info\/ca\/hosteleria\/lloguer-de-ventiladors-de-recirculacio-daire\/\">Lloguer de ventiladors de recirculaci\u00f3 d\u2019aire<\/a><\/li>\n<li><a href=\"https:\/\/climasol.info\/ca\/hosteleria\/lloguer-evaporatius\/\">Lloguer d\u2019evaporatius<\/a><\/li>\n<\/ul>\n<p><strong>Sector Industrial<\/strong><\/p>\n<ul>\n<li><a href=\"\/industrial\/alquiler-y-venta-de-estufas-de-gas\/\">Lloguer i venda d\u2019estufes de gas<\/a><\/li>\n<li><a href=\"\/industrial\/alquiler-y-venta-de-estufas-infrarrojas\/\">Lloguer i venda d\u2019estufes d\u2019infraroigs<\/a><\/li>\n<\/ul>\n<p>[\/et_pb_text][\/et_pb_column][\/et_pb_row][\/et_pb_section]<\/p>\n","protected":false},"excerpt":{"rendered":"<p>Lloguer de ventiladors de recirculaci\u00f3 d\u2019aire Ventiladors de recirculaci\u00f3 d&#8217;aire l\u00ednia FS Baix consum, grans prestacions. Els ventiladors de peu l\u00ednia FS estan dissenyats per produir una gran recirculaci\u00f3 d&#8217;aire amb un baix consum el\u00e8ctric, per millorar el confort en el temps de lleure o treball, tant a l&#8217;exterior com a l&#8217;interior de grans espais [&hellip;]<\/p>\n","protected":false},"author":1,"featured_media":0,"parent":8631,"menu_order":0,"comment_status":"closed","ping_status":"closed","template":"","meta":{"_acf_changed":false,"_et_pb_use_builder":"on","_et_pb_old_content":"","_et_gb_content_width":"","footnotes":""},"class_list":["post-8551","page","type-page","status-publish","hentry"],"acf":[],"_links":{"self":[{"href":"https:\/\/climasol.info\/ca\/wp-json\/wp\/v2\/pages\/8551","targetHints":{"allow":["GET"]}}],"collection":[{"href":"https:\/\/climasol.info\/ca\/wp-json\/wp\/v2\/pages"}],"about":[{"href":"https:\/\/climasol.info\/ca\/wp-json\/wp\/v2\/types\/page"}],"author":[{"embeddable":true,"href":"https:\/\/climasol.info\/ca\/wp-json\/wp\/v2\/users\/1"}],"replies":[{"embeddable":true,"href":"https:\/\/climasol.info\/ca\/wp-json\/wp\/v2\/comments?post=8551"}],"version-history":[{"count":6,"href":"https:\/\/climasol.info\/ca\/wp-json\/wp\/v2\/pages\/8551\/revisions"}],"predecessor-version":[{"id":8632,"href":"https:\/\/climasol.info\/ca\/wp-json\/wp\/v2\/pages\/8551\/revisions\/8632"}],"up":[{"embeddable":true,"href":"https:\/\/climasol.info\/ca\/wp-json\/wp\/v2\/pages\/8631"}],"wp:attachment":[{"href":"https:\/\/climasol.info\/ca\/wp-json\/wp\/v2\/media?parent=8551"}],"curies":[{"name":"wp","href":"https:\/\/api.w.org\/{rel}","templated":true}]}}