{"id":8556,"date":"2019-05-31T14:20:36","date_gmt":"2019-05-31T14:20:36","guid":{"rendered":"https:\/\/climasol.info\/lloguer-i-venda-destufes-de-gas\/"},"modified":"2026-04-27T09:59:35","modified_gmt":"2026-04-27T09:59:35","slug":"lloguer-i-venda-destufes-de-gas","status":"publish","type":"page","link":"https:\/\/climasol.info\/ca\/hosteleria\/lloguer-i-venda-destufes-de-gas\/","title":{"rendered":"Lloguer i venda d\u2019estufes de gas"},"content":{"rendered":"<p>[et_pb_section fb_built=&#8221;1&#8243; _builder_version=&#8221;3.22.3&#8243;][et_pb_row _builder_version=&#8221;3.22.3&#8243; background_size=&#8221;initial&#8221; background_position=&#8221;top_left&#8221; background_repeat=&#8221;repeat&#8221;][et_pb_column type=&#8221;4_4&#8243; _builder_version=&#8221;3.0.47&#8243;][\/et_pb_column][\/et_pb_row][et_pb_row _builder_version=&#8221;3.23.3&#8243;][et_pb_column type=&#8221;1_2&#8243; _builder_version=&#8221;3.23.3&#8243;][et_pb_image src=&#8221;http:\/\/climasol.info\/app\/uploads\/2019\/12\/Imagen2.png&#8221; _builder_version=&#8221;3.23.3&#8243;][\/et_pb_image][\/et_pb_column][et_pb_column type=&#8221;1_2&#8243; _builder_version=&#8221;3.23.3&#8243;][et_pb_text _builder_version=&#8221;3.19.3&#8243;]<\/p>\n<h3>Lloguer i venda d\u2019estufes de gas<\/h3>\n<\/p>\n<p>L&#8217;estufa Helios Professional \u00e9s el nou sistema que us permetr\u00e0 escalfar l&#8217;interior de naus industrials, f\u00e0briques i totes aquelles zones de treball a l&#8217;aire lliure.<\/p>\n<p>Les estufes Helios Professional han estat dissenyades i fabricades per la firma Star Progetti, amb la millor tecnologia i els est\u00e0ndards de qualitat CE.<\/p>\n<p><strong>Caracter\u00edstiques:<\/strong><\/p>\n<ul>\n<li>Capacitat t\u00e8rmica: 13 KW.<\/li>\n<li>Consum horari: 0,750 kg a m\u00e0xima pot\u00e8ncia.<\/li>\n<li>Alimentaci\u00f3: Gas GLP\/Prop\u00e0.<\/li>\n<li>Enc\u00e8s: bot\u00f3 piezoel\u00e8ctric.<\/li>\n<li>Flama Pilot: permanent.<\/li>\n<li>V\u00e0lvula de gas: termoel\u00e8ctrica amb tancament de flama de seguretat comandament extra\u00efble de regulaci\u00f3 m\u00ednim\/m\u00e0xim.<\/li>\n<li>Estructura: acer inoxidable, alumini i acer anticorrosiu pintat al forn per a \u00fas<\/li>\n<li>extern, cargols d\u02bbacer inoxidable, cremador d\u02bbacer inoxidable.<\/li>\n<li>Base de 42\u00d742 cm. Pot ser emplenada de graveta o sorra. <\/li>\n<li>Resistents rodes de goma de 15 cm. de di\u00e0metre.<\/li>\n<li>Espai habilitat per acomodar l&#8217;ampolla de gas de 11,5 kg. fins a 35 kg.<\/li>\n<li>Pes net: 25 Kg<\/li>\n<li>Reflector de 88 cm. de di\u00e0metre.<\/li>\n<li>\u00c0rea d&#8217;irradiaci\u00f3: 25\/30 m2<\/li>\n<li>Al\u00e7ada regulable amb tub telesc\u00f2pic de 200 fins a 240 cm.<\/li>\n<li>F\u00e0cil maneig.<\/li>\n<li>F\u00e0cil instal\u00b7laci\u00f3.<\/li>\n<\/ul>\n<p>[\/et_pb_text][\/et_pb_column][\/et_pb_row][\/et_pb_section][et_pb_section fb_built=&#8221;1&#8243; _builder_version=&#8221;3.22.3&#8243;][et_pb_row _builder_version=&#8221;3.22.3&#8243; background_size=&#8221;initial&#8221; background_position=&#8221;top_left&#8221; background_repeat=&#8221;repeat&#8221;][et_pb_column type=&#8221;4_4&#8243; _builder_version=&#8221;3.0.47&#8243;][et_pb_text admin_label=&#8221;urls&#8221; _builder_version=&#8221;3.23.3&#8243;]<\/p>\n<p>\n<strong>Sector Hostaleria<\/strong><\/p>\n<ul>\n<li><a href=\"https:\/\/climasol.info\/ca\/hosteleria\/lloguer-destufes-per-a-esdeveniments-i-particulars\/\">Lloguer d\u2019estufes per a esdeveniments i particulars<\/a><\/li>\n<li><a href=\"https:\/\/climasol.info\/ca\/hosteleria\/lloguer-destufes-per-a-la-temporada-dhivern\/\">Lloguer d\u2019estufes per a la temporada d\u2019hivern<br \/><\/a><\/li>\n<li><a href=\"https:\/\/climasol.info\/?page_id=387\">Lloguer de cubs i esferes lluminoses<\/a><\/li>\n<li><a href=\"https:\/\/climasol.info\/ca\/hosteleria\/lloguer-i-venda-de-ventiladors-de-mist-fog\/\">Lloguer i venda de ventiladors de Mist &amp; Fog<\/a><\/li>\n<li><a href=\"https:\/\/climasol.info\/ca\/hosteleria\/lloguer-de-ventiladors-de-recirculacio-daire\/\">Lloguer de ventiladors de recirculaci\u00f3 d\u2019aire<\/a><\/li>\n<li><a href=\"https:\/\/climasol.info\/ca\/hosteleria\/lloguer-evaporatius\/\">Lloguer d\u2019evaporatius<\/a><\/li>\n<\/ul>\n<p><strong>Sector Industrial<\/strong><\/p>\n<ul>\n<li><a href=\"\/industrial\/alquiler-y-venta-de-estufas-de-gas\/\">Lloguer i venda d\u2019estufes de gas<\/a><\/li>\n<li><a href=\"\/industrial\/alquiler-y-venta-de-estufas-infrarrojas\/\">Lloguer i venda d\u2019estufes d\u2019infraroigs<\/a><\/li>\n<\/ul>\n<p>[\/et_pb_text][\/et_pb_column][\/et_pb_row][\/et_pb_section]<\/p>\n","protected":false},"excerpt":{"rendered":"<p>Lloguer i venda d\u2019estufes de gas L&#8217;estufa Helios Professional \u00e9s el nou sistema que us permetr\u00e0 escalfar l&#8217;interior de naus industrials, f\u00e0briques i totes aquelles zones de treball a l&#8217;aire lliure.Les estufes Helios Professional han estat dissenyades i fabricades per la firma Star Progetti, amb la millor tecnologia i els est\u00e0ndards de qualitat CE.Caracter\u00edstiques:Capacitat t\u00e8rmica: [&hellip;]<\/p>\n","protected":false},"author":1,"featured_media":0,"parent":8631,"menu_order":0,"comment_status":"closed","ping_status":"closed","template":"","meta":{"_acf_changed":false,"_et_pb_use_builder":"on","_et_pb_old_content":"","_et_gb_content_width":"","footnotes":""},"class_list":["post-8556","page","type-page","status-publish","hentry"],"acf":[],"_links":{"self":[{"href":"https:\/\/climasol.info\/ca\/wp-json\/wp\/v2\/pages\/8556","targetHints":{"allow":["GET"]}}],"collection":[{"href":"https:\/\/climasol.info\/ca\/wp-json\/wp\/v2\/pages"}],"about":[{"href":"https:\/\/climasol.info\/ca\/wp-json\/wp\/v2\/types\/page"}],"author":[{"embeddable":true,"href":"https:\/\/climasol.info\/ca\/wp-json\/wp\/v2\/users\/1"}],"replies":[{"embeddable":true,"href":"https:\/\/climasol.info\/ca\/wp-json\/wp\/v2\/comments?post=8556"}],"version-history":[{"count":2,"href":"https:\/\/climasol.info\/ca\/wp-json\/wp\/v2\/pages\/8556\/revisions"}],"predecessor-version":[{"id":8559,"href":"https:\/\/climasol.info\/ca\/wp-json\/wp\/v2\/pages\/8556\/revisions\/8559"}],"up":[{"embeddable":true,"href":"https:\/\/climasol.info\/ca\/wp-json\/wp\/v2\/pages\/8631"}],"wp:attachment":[{"href":"https:\/\/climasol.info\/ca\/wp-json\/wp\/v2\/media?parent=8556"}],"curies":[{"name":"wp","href":"https:\/\/api.w.org\/{rel}","templated":true}]}}