{"id":8572,"date":"2019-05-31T12:53:49","date_gmt":"2019-05-31T12:53:49","guid":{"rendered":"https:\/\/climasol.info\/lloguer-destufes-per-a-esdeveniments-i-particulars\/"},"modified":"2026-04-27T09:59:32","modified_gmt":"2026-04-27T09:59:32","slug":"lloguer-destufes-per-a-esdeveniments-i-particulars","status":"publish","type":"page","link":"https:\/\/climasol.info\/ca\/hosteleria\/lloguer-destufes-per-a-esdeveniments-i-particulars\/","title":{"rendered":"Lloguer d\u2019estufes per a esdeveniments i particulars"},"content":{"rendered":"<p>[et_pb_section fb_built=&#8221;1&#8243; _builder_version=&#8221;3.22.3&#8243;][et_pb_row _builder_version=&#8221;3.22.3&#8243; background_size=&#8221;initial&#8221; background_position=&#8221;top_left&#8221; background_repeat=&#8221;repeat&#8221;][et_pb_column type=&#8221;4_4&#8243; _builder_version=&#8221;3.0.47&#8243;][et_pb_text _builder_version=&#8221;3.19.3&#8243;]<\/p>\n<h3>Lloguer d\u2019estufes per a esdeveniments i particulars<\/h3>\n<\/p>\n<p>Ideals per a carpes, terrasses, hotels, restaurants, grans superf\u00edcies, c\u00e0terings, productores, empreses organitzadores d&#8217;actes i tot tipus d\u00b4activitats a l&#8217;<strong>aire lliure<\/strong>.<br \/>\u00c9s silenci\u00f3s, econ\u00f2mic, lleuger i aut\u00f2nom, no despr\u00e8n gasos ni olors i no necessita instal\u00b7laci\u00f3<\/p>\n<p>[\/et_pb_text][\/et_pb_column][\/et_pb_row][\/et_pb_section][et_pb_section fb_built=&#8221;1&#8243; disabled_on=&#8221;off|off|off&#8221; _builder_version=&#8221;3.23.3&#8243; collapsed=&#8221;off&#8221;][et_pb_row _builder_version=&#8221;3.23.3&#8243;][et_pb_column type=&#8221;1_3&#8243; _builder_version=&#8221;3.23.3&#8243;][et_pb_image src=&#8221;http:\/\/climasol.info\/app\/uploads\/2019\/12\/seta.jpg&#8221; url=&#8221;https:\/\/climasol.info\/product\/seta\/&#8221; align=&#8221;center&#8221; _builder_version=&#8221;3.23.3&#8243; max_height=&#8221;300px&#8221;][\/et_pb_image][et_pb_text _builder_version=&#8221;3.23.3&#8243; text_font=&#8221;||||||||&#8221; text_text_align=&#8221;center&#8221; link_option_url=&#8221;https:\/\/climasol.info\/product\/seta\/&#8221; text_font_size=&#8221;20px&#8221; text_text_color=&#8221;#777676&#8243;]Bolet[\/et_pb_text][\/et_pb_column][et_pb_column type=&#8221;1_3&#8243; _builder_version=&#8221;3.23.3&#8243;][et_pb_image src=&#8221;http:\/\/climasol.info\/app\/uploads\/2019\/12\/piramide-1.jpg&#8221; url=&#8221;http:\/\/climasol.info\/product\/piramide\/&#8221; align=&#8221;center&#8221; admin_label=&#8221;Imagen&#8221; _builder_version=&#8221;3.23.3&#8243; max_height=&#8221;300px&#8221;][\/et_pb_image][et_pb_text _builder_version=&#8221;3.23.3&#8243; text_font=&#8221;||||||||&#8221; text_text_align=&#8221;center&#8221; link_option_url=&#8221;http:\/\/climasol.info\/product\/piramide\/&#8221; text_font_size=&#8221;20px&#8221; text_text_color=&#8221;#777676&#8243;]Pir\u00e0mide[\/et_pb_text][\/et_pb_column][et_pb_column type=&#8221;1_3&#8243; _builder_version=&#8221;3.23.3&#8243;][et_pb_image src=&#8221;http:\/\/climasol.info\/app\/uploads\/2019\/12\/milan.jpg&#8221; url=&#8221;https:\/\/climasol.info\/product\/milan\/&#8221; align=&#8221;center&#8221; _builder_version=&#8221;3.23.3&#8243; max_height=&#8221;300px&#8221;][\/et_pb_image][et_pb_text _builder_version=&#8221;3.23.3&#8243; text_font=&#8221;||||||||&#8221; text_orientation=&#8221;center&#8221; link_option_url=&#8221;https:\/\/climasol.info\/product\/milan\/&#8221; text_text_color=&#8221;#777676&#8243; text_font_size=&#8221;20px&#8221;]Mil\u00e1n[\/et_pb_text][\/et_pb_column][\/et_pb_row][et_pb_row _builder_version=&#8221;3.23.3&#8243;][et_pb_column type=&#8221;1_3&#8243; _builder_version=&#8221;3.23.3&#8243;][et_pb_image src=&#8221;http:\/\/climasol.info\/app\/uploads\/2019\/12\/premium-fie.jpg&#8221; url=&#8221;https:\/\/climasol.info\/?post_type=product&amp;p=517&#8243; align=&#8221;center&#8221; _builder_version=&#8221;3.23.3&#8243; max_height=&#8221;300px&#8221;][\/et_pb_image][et_pb_text _builder_version=&#8221;3.23.3&#8243; text_font=&#8221;||||||||&#8221; text_orientation=&#8221;center&#8221; link_option_url=&#8221;https:\/\/climasol.info\/?post_type=product&amp;p=517&#8243; text_font_size=&#8221;20px&#8221; text_text_color=&#8221;#777676&#8243;]Muztag valencia[\/et_pb_text][\/et_pb_column][et_pb_column type=&#8221;1_3&#8243; _builder_version=&#8221;3.23.3&#8243;][et_pb_image src=&#8221;http:\/\/climasol.info\/app\/uploads\/2019\/12\/sunwood.jpg&#8221; url=&#8221;https:\/\/climasol.info\/product\/muztag-mallorca-sunwood\/&#8221; align=&#8221;center&#8221; _builder_version=&#8221;3.23.3&#8243; max_height=&#8221;300px&#8221;][\/et_pb_image][et_pb_text _builder_version=&#8221;3.23.3&#8243; text_font=&#8221;||||||||&#8221; text_text_align=&#8221;center&#8221; link_option_url=&#8221;https:\/\/climasol.info\/product\/muztag-mallorca-sunwood\/&#8221; text_font_size=&#8221;20px&#8221; text_text_color=&#8221;#777676&#8243;]Sunwood[\/et_pb_text][\/et_pb_column][et_pb_column type=&#8221;1_3&#8243; _builder_version=&#8221;3.23.3&#8243;][et_pb_image src=&#8221;http:\/\/climasol.info\/app\/uploads\/2019\/12\/coronaBaja.jpg&#8221; url=&#8221;https:\/\/climasol.info\/product\/corona-baja\/&#8221; align=&#8221;center&#8221; _builder_version=&#8221;3.23.3&#8243; max_height=&#8221;300px&#8221;][\/et_pb_image][et_pb_text _builder_version=&#8221;3.23.3&#8243; text_font=&#8221;||||||||&#8221; text_orientation=&#8221;center&#8221; link_option_url=&#8221;https:\/\/climasol.info\/product\/corona-baja\/&#8221; text_text_color=&#8221;#777676&#8243; text_font_size=&#8221;20px&#8221;]Corona baixa[\/et_pb_text][\/et_pb_column][\/et_pb_row][\/et_pb_section][et_pb_section fb_built=&#8221;1&#8243; _builder_version=&#8221;3.22.3&#8243;][et_pb_row _builder_version=&#8221;3.22.3&#8243; background_size=&#8221;initial&#8221; background_position=&#8221;top_left&#8221; background_repeat=&#8221;repeat&#8221;][et_pb_column type=&#8221;4_4&#8243; _builder_version=&#8221;3.0.47&#8243;][et_pb_text admin_label=&#8221;urls&#8221; _builder_version=&#8221;3.23.3&#8243;]<\/p>\n<p>\n<strong>Sector Hostaleria<\/strong><\/p>\n<ul>\n<li><a href=\"https:\/\/climasol.info\/ca\/hosteleria\/lloguer-destufes-per-a-esdeveniments-i-particulars\/\">Lloguer d\u2019estufes per a esdeveniments i particulars<\/a><\/li>\n<li><a href=\"https:\/\/climasol.info\/ca\/hosteleria\/lloguer-destufes-per-a-la-temporada-dhivern\/\">Lloguer d\u2019estufes per a la temporada d\u2019hivern<\/a><\/li>\n<li><a href=\"https:\/\/climasol.info\/?page_id=387\">Lloguer de cubs i esferes lluminoses<\/a><\/li>\n<li><a href=\"https:\/\/climasol.info\/ca\/hosteleria\/lloguer-i-venda-de-ventiladors-de-mist-fog\/\">Lloguer i venda de ventiladors de Mist &amp; Fog<\/a><\/li>\n<li><a href=\"https:\/\/climasol.info\/ca\/hosteleria\/lloguer-de-ventiladors-de-recirculacio-daire\/\">Lloguer de ventiladors de recirculaci\u00f3 d\u2019aire<\/a><\/li>\n<li><a href=\"https:\/\/climasol.info\/ca\/hosteleria\/lloguer-evaporatius\/\">Lloguer d\u2019evaporatius<\/a><\/li>\n<\/ul>\n<p><strong>Sector Industrial<\/strong><\/p>\n<ul>\n<li><a href=\"\/industrial\/alquiler-y-venta-de-estufas-de-gas\/\">Lloguer i venda d\u2019estufes de gas<\/a><\/li>\n<li><a href=\"\/industrial\/alquiler-y-venta-de-estufas-infrarrojas\/\">Lloguer i venda d\u2019estufes d\u2019infraroigs<\/a><\/li>\n<\/ul>\n<p>[\/et_pb_text][\/et_pb_column][\/et_pb_row][\/et_pb_section]<\/p>\n","protected":false},"excerpt":{"rendered":"<p>Lloguer d\u2019estufes per a esdeveniments i particulars Ideals per a carpes, terrasses, hotels, restaurants, grans superf\u00edcies, c\u00e0terings, productores, empreses organitzadores d&#8217;actes i tot tipus d\u00b4activitats a l&#8217;aire lliure.\u00c9s silenci\u00f3s, econ\u00f2mic, lleuger i aut\u00f2nom, no despr\u00e8n gasos ni olors i no necessita instal\u00b7laci\u00f3 BoletPir\u00e0mideMil\u00e1nMuztag valenciaSunwoodCorona baixa Sector Hostaleria Lloguer d\u2019estufes per a esdeveniments i particulars Lloguer [&hellip;]<\/p>\n","protected":false},"author":1,"featured_media":0,"parent":8631,"menu_order":0,"comment_status":"closed","ping_status":"closed","template":"","meta":{"_acf_changed":false,"_et_pb_use_builder":"on","_et_pb_old_content":"","_et_gb_content_width":"","footnotes":""},"class_list":["post-8572","page","type-page","status-publish","hentry"],"acf":[],"_links":{"self":[{"href":"https:\/\/climasol.info\/ca\/wp-json\/wp\/v2\/pages\/8572","targetHints":{"allow":["GET"]}}],"collection":[{"href":"https:\/\/climasol.info\/ca\/wp-json\/wp\/v2\/pages"}],"about":[{"href":"https:\/\/climasol.info\/ca\/wp-json\/wp\/v2\/types\/page"}],"author":[{"embeddable":true,"href":"https:\/\/climasol.info\/ca\/wp-json\/wp\/v2\/users\/1"}],"replies":[{"embeddable":true,"href":"https:\/\/climasol.info\/ca\/wp-json\/wp\/v2\/comments?post=8572"}],"version-history":[{"count":4,"href":"https:\/\/climasol.info\/ca\/wp-json\/wp\/v2\/pages\/8572\/revisions"}],"predecessor-version":[{"id":8582,"href":"https:\/\/climasol.info\/ca\/wp-json\/wp\/v2\/pages\/8572\/revisions\/8582"}],"up":[{"embeddable":true,"href":"https:\/\/climasol.info\/ca\/wp-json\/wp\/v2\/pages\/8631"}],"wp:attachment":[{"href":"https:\/\/climasol.info\/ca\/wp-json\/wp\/v2\/media?parent=8572"}],"curies":[{"name":"wp","href":"https:\/\/api.w.org\/{rel}","templated":true}]}}