{"id":8644,"date":"2019-05-30T13:41:58","date_gmt":"2019-05-30T13:41:58","guid":{"rendered":"https:\/\/climasol.info\/lloguer-calefaccio-per-a-industria\/"},"modified":"2019-05-30T13:41:58","modified_gmt":"2019-05-30T13:41:58","slug":"lloguer-calefaccio-per-a-industria","status":"publish","type":"page","link":"https:\/\/climasol.info\/ca\/lloguer-calefaccio-per-a-industria\/","title":{"rendered":"Lloguer calefacci\u00f3 per a ind\u00fastria"},"content":{"rendered":"<p>A Climasol tamb\u00e9 som especialistes lloguer de <strong>calefacci\u00f3 per a ind\u00fastries<\/strong>, ja sigui<br \/>\nper al condicionament de petites naus o grans <strong>ind\u00fastries<\/strong>.<br \/>\nLes estufes per a les ind\u00fastries escalfen l&#8217;ambient i els seus objectes com ho faria el sol.<br \/>Les nostres estufes s\u00f3n \u00f2ptimes per a qualsevol tipus d&#8217;<strong>ind\u00fastria<\/strong>.<br \/>Conegui els nostres productes:<br \/> \n                            <\/p>\n<h2><a href=\"https:\/\/climasol.info\/ca\/lloguer-destufes-per-a-exterior\/\">Lloguer d\u2019estufes d\u2019exterior<\/a><br \/><\/h2>\n<h2><a href=\"https:\/\/climasol.info\/ca\/lloguer-de-calefaccio-per-a-esdeveniments\/\">Lloguer de calefacci\u00f3 per a esdeveniments<\/a><br \/><\/h2>\n<h2><a href=\"https:\/\/climasol.info\/ca\/lloguer-de-calefaccio-per-a-naus-industrials\/\">Lloguer de calefacci\u00f3 per a naus industrials<\/a><br \/><\/h2>\n<\/p>\n<p><strong>Sector Hostaleria<\/strong><\/p>\n<ul>\n<li><a href=\"https:\/\/climasol.info\/ca\/hosteleria\/lloguer-destufes-per-a-esdeveniments-i-particulars\/\">Lloguer d\u2019estufes per a esdeveniments i particulars<\/a><\/li>\n<li><a href=\"https:\/\/climasol.info\/ca\/hosteleria\/lloguer-destufes-per-a-la-temporada-dhivern\/\">Lloguer d\u2019estufes per a la temporada d\u2019hivern<\/a><\/li>\n<li><a href=\"https:\/\/climasol.info\/?page_id=387\">Lloguer de cubs i esferes lluminoses<\/a><\/li>\n<li><a href=\"https:\/\/climasol.info\/ca\/hosteleria\/lloguer-i-venda-de-ventiladors-de-mist-fog\/\">Lloguer i venda de ventiladors de Mist &amp; Fog<\/a><\/li>\n<li><a href=\"https:\/\/climasol.info\/ca\/hosteleria\/lloguer-de-ventiladors-de-recirculacio-daire\/\">Lloguer de ventiladors de recirculaci\u00f3 d\u2019aire<\/a><\/li>\n<li><a href=\"https:\/\/climasol.info\/ca\/hosteleria\/lloguer-evaporatius\/\">Lloguer d\u2019evaporatius<\/a><\/li>\n<\/ul>\n<p><strong>Sector Industrial<\/strong><\/p>\n<ul>\n<li><a href=\"\/industrial\/alquiler-y-venta-de-estufas-de-gas\/\">Lloguer i venda d\u2019estufes de gas<\/a><\/li>\n<li><a href=\"\/industrial\/alquiler-y-venta-de-estufas-infrarrojas\/\">Lloguer i venda d\u2019estufes d\u2019infraroigs<\/a><\/li>\n<\/ul>\n","protected":false},"excerpt":{"rendered":"<p>A Climasol tamb\u00e9 som especialistes lloguer de calefacci\u00f3 per a ind\u00fastries, ja sigui per al condicionament de petites naus o grans ind\u00fastries. Les estufes per a les ind\u00fastries escalfen l&#8217;ambient i els seus objectes com ho faria el sol.Les nostres estufes s\u00f3n \u00f2ptimes per a qualsevol tipus d&#8217;ind\u00fastria.Conegui els nostres productes: Lloguer d\u2019estufes d\u2019exterior Lloguer [&hellip;]<\/p>\n","protected":false},"author":1,"featured_media":0,"parent":0,"menu_order":0,"comment_status":"closed","ping_status":"open","template":"","meta":{"_acf_changed":false,"_et_pb_use_builder":"","_et_pb_old_content":"","_et_gb_content_width":"","footnotes":""},"class_list":["post-8644","page","type-page","status-publish","hentry"],"acf":[],"_links":{"self":[{"href":"https:\/\/climasol.info\/ca\/wp-json\/wp\/v2\/pages\/8644","targetHints":{"allow":["GET"]}}],"collection":[{"href":"https:\/\/climasol.info\/ca\/wp-json\/wp\/v2\/pages"}],"about":[{"href":"https:\/\/climasol.info\/ca\/wp-json\/wp\/v2\/types\/page"}],"author":[{"embeddable":true,"href":"https:\/\/climasol.info\/ca\/wp-json\/wp\/v2\/users\/1"}],"replies":[{"embeddable":true,"href":"https:\/\/climasol.info\/ca\/wp-json\/wp\/v2\/comments?post=8644"}],"version-history":[{"count":0,"href":"https:\/\/climasol.info\/ca\/wp-json\/wp\/v2\/pages\/8644\/revisions"}],"wp:attachment":[{"href":"https:\/\/climasol.info\/ca\/wp-json\/wp\/v2\/media?parent=8644"}],"curies":[{"name":"wp","href":"https:\/\/api.w.org\/{rel}","templated":true}]}}